{"id":108,"date":"2014-09-29T15:04:24","date_gmt":"2014-09-29T12:04:24","guid":{"rendered":"http:\/\/www.itukylat.fi\/emasalo\/?page_id=108"},"modified":"2024-04-10T23:13:37","modified_gmt":"2024-04-10T20:13:37","slug":"kylatoimintaa","status":"publish","type":"page","link":"https:\/\/www.emsalo.fi\/fi\/kylatoimintaa\/","title":{"rendered":"Kyl\u00e4toimintaa"},"content":{"rendered":"<p>Em\u00e4salossa on aktiivista kyl\u00e4toimintaa. Seuratalo Midg\u00e5rd saaren keskell\u00e4 on tapahtumien ja yksityisten kokoontumisten keskeinen paikka. H\u00e4iden vietto Midg\u00e5rdissa on suosittua. Juhannussalon pystytt\u00e4minen vet\u00e4\u00e4 paljon katsojia jopa Em\u00e4salon ulkopuolelta.<\/p>\n<p>Toinen keskeinen paikka on Em\u00e4salon Kyl\u00e4puoti Bengstbyss\u00e4. Siell\u00e4 on vilkasta erityisesti kes\u00e4ll\u00e4, kun vapaa-ajan asukkaat saapuvat. Monet saarella ty\u00f6skentelev\u00e4t nauttivat kahvilan palveluista.<\/p>\n<p>Kes\u00e4ll\u00e4 pidettiin aikaisemmin kes\u00e4toria Bengtsbyn pallokent\u00e4ll\u00e4. Nyttemmin kes\u00e4tori on Poukaman kahvilan yhteydess\u00e4 pohjois Em\u00e4salossa\u00a0 Pallokentt\u00e4\u00e4 k\u00e4ytet\u00e4\u00e4n mm. jalkapallo- ja petankkiturnauksiin. Talvella tehd\u00e4\u00e4n luistinrata, jos on riitt\u00e4v\u00e4n kylm\u00e4\u00e4.<\/p>\n<p>Vuosien varrella erilaiset infrastruktuurihankkeet ovat saaneet v\u00e4en toimimaan. Teiden nimet piti k\u00e4\u00e4nt\u00e4\u00e4 kun maalaiskunta liittyi Porvoon kaupunkiin. N\u00e4in monet huonosti tai v\u00e4\u00e4rin k\u00e4\u00e4nnetyt nimet saatiin muutetuksi.<\/p>\n<p>Osayleiskaava her\u00e4tti monenlaisia tunteita ja kysymyksi\u00e4 maanomistajien keskuudessa. Vesi- ja viem\u00e4rihanke on aktivoinut asukkaita ehk\u00e4 kaikkein eniten, sek\u00e4 puolesta ett\u00e4 vastaan. Viimeisin infrastruktuurihanke on valokaapeliverkon rakentaminen koko Em\u00e4saloon, mik\u00e4 tekee mahdolliseksi huippunopean laajakaistan asentamisen jokaiseen talouteen.<\/p>\n<p>&nbsp;<\/p>\n<h4><strong>Em\u00e4salon kyl\u00e4yhdistys ry<\/strong><\/h4>\n<p>Em\u00e4salon Kyl\u00e4yhdistys ry:n kotipaikka on Em\u00e4salo. Se perustettiin 1996. Sen tarkoituksena on mm.:<br \/>\n\u2013 edist\u00e4\u00e4 kaikkien saarella asuvien yhteisty\u00f6t\u00e4, ja lis\u00e4t\u00e4 heid\u00e4n viihtyisyytt\u00e4\u00e4n<br \/>\n\u2013 ty\u00f6skennell\u00e4 hyv\u00e4n yleisen palvelutason puolesta ja tukea saaren yritt\u00e4ji\u00e4<br \/>\n\u2013 toimia yhdyssiteen\u00e4 kaikkien Em\u00e4salon asukkaiden ja viranomaisten v\u00e4lill\u00e4<\/p>\n<p>Kyl\u00e4yhdistyksell\u00e4, joka toimii aktiivisesti saarta koskevien asioiden parissa, on nyt noin 100 j\u00e4sent\u00e4.<\/p>\n<p>Kyselytutkimukseen perustuva \u201dEm\u00e4salon saariston kehityssuunnitelma\u201d ty\u00f6stettiin vuonna 2001.<br \/>\nSaarelle on saatu vesiosuuskunnan j\u00e4rjest\u00e4m\u00e4 vesi- ja j\u00e4tevesihuolto.<br \/>\nKyl\u00e4yhdistys oli aloitteentekij\u00e4n\u00e4 nopean laajakaistaverkon ja kaapeli-tv:n saamiseksi koko Em\u00e4salon alueelle vuonna 2013.<\/p>\n<p>Kyl\u00e4yhdistys on SILMU ry:n j\u00e4sen jonka nimi ennen oli It\u00e4-Uudenmaan Kyl\u00e4t ry.<\/p>\n<p>Toimintakausi on muutettu kalenterivuodeksi.<\/p>\n<p>J\u00e4senmaksu 2022-2023<\/p>\n<p>J\u00e4seneksi haluava voi maksaa j\u00e4senmaksun 15 \u20ac yhdistyksen tilille Aktia FI61 405010 2004 0449.<br \/>\nKirjoita nimesi ja osoitteesi tilisiirron ilmoituskentt\u00e4\u00e4n.<\/p>\n<p>Em\u00e4salon Kyl\u00e4yhdistyksen vuosikokous pidettiin 1.6.2022 Midg\u00e5rdilla. Kokouksessa p\u00e4\u00e4tettiin mm. k\u00e4ynnist\u00e4\u00e4 projektin koskien yhteisen kotisivun Allmogef\u00f6reningenin kanssa. Seuraa my\u00f6s sivua Ajankohtaista.<\/p>\n<p>Em\u00e4salon Kyl\u00e4yhdistyksen hallitus 2022-2023<\/p>\n<p>Hans \u00d6hberg, puheenjohtaja<br \/>\nBerndt Nyberg, sihteeri ja varapuheenjohtaja<br \/>\nJari Holstein<br \/>\nSten Park-Bj\u00f6rklund<br \/>\nKaarina Sinerkari<br \/>\nLars Wikholm<br \/>\nFilip Sundstr\u00f6m<br \/>\nRoger \u00d6hman<\/p>\n<p>&nbsp;<\/p>\n<p>&nbsp;<\/p>\n<h4><strong>Emsal\u00f6 Allmogef\u00f6rening<\/strong><\/h4>\n<p>Emsal\u00f6 Allmogef\u00f6rening rf (EAF) on Porvoon seudun vanhimpia yhdistyksi\u00e4, perustettu vuonna 1894. Seuratalo Midg\u00e5rd on yhdistyksen omistuksessa ja siell\u00e4 j\u00e4rjestet\u00e4\u00e4n kaikenlaisia ohjelmia. Suosituimpiin kuluu juhannussalon nosto.<\/p>\n<p>Emsal\u00f6 Allmogef\u00f6reningenin historiikki <a href=\"https:\/\/www.emsalo.fi\/wp-content\/uploads\/sites\/10\/2015\/01\/Emsaloe-Allmogefoerening-KAeAeNNOeS-tmbn.pdf\">Emsal\u00f6 Allmogef\u00f6rening<\/a><\/p>\n<p>Yhdistyksen hallitus 2024:<\/p>\n<p>Mats Juslin puheenjohtaja, tel: 040 5010 289<br \/>\nMerja Fager-Stolt varapuh.johtaja<br \/>\nNinja \u00c5dahl sihteeri, tel: 045 6303 062<br \/>\nSanna L\u00f6nnroth\u00a0 \u00a0 \u00a0 \u00a0 \u00a0 \u00a0 kassanhoitaja<br \/>\nKarl-Anton L\u00f6nnroth\u00a0 j\u00e4sen<br \/>\nJohn R\u00f6nnholm\u00a0\u00a0\u00a0\u00a0\u00a0\u00a0\u00a0\u00a0 j\u00e4sen<br \/>\nTerhi R\u00f6nnholm\u00a0\u00a0\u00a0\u00a0\u00a0\u00a0\u00a0 j\u00e4sen<\/p>\n<p>S\u00e4hk\u00f6posti: emsaloaf@gmail.com<\/p>\n<p><a href=\"https:\/\/www.emsalo.fi\/fi\/midgard-emsalo-allmogeforening-r-f\/\">Seurantalo Midg\u00e5rd<\/a>, Em\u00e4salontie 644, 06950 Em\u00e4salo<\/p>\n<p>www.eafmidgard.nsu.fi<\/p>\n<p>&nbsp;<\/p>\n<p>&nbsp;<\/p>\n<h4><a href=\"https:\/\/www.porvoonseurakunta.fi\/kirkot-ja-tilat\/kirkot-ja-kappelit\/emasalon-kappeli\"><strong>Em\u00e4salon kappeli<\/strong><\/a><\/h4>\n<p>Em\u00e4salon saaristokappeli Vaarlahdessa vihittiin 12. kes\u00e4kuuta 1955. Kappeli on sen j\u00e4lkeen ollut aktiivisessa k\u00e4yt\u00f6ss\u00e4, ja siell\u00e4 on pidetty monet kastajaiset ja vihki\u00e4iset. Osoite on Em\u00e4salontie 857, Vaarlahti.<\/p>\n<p>Jumalanpalvelus pidet\u00e4\u00e4n klo 10.00 aina kuukauden kolmantena sunnuntaina.<\/p>\n<p>Vuokra vihkitilaisuudelle ja kastajaisille on 75 \u20ac, vuokraajan omin kukkasin.<br \/>\nYhteyshenkil\u00f6: Margareta Kindstedt, puh: 040 502 3787.<\/p>\n<p>&nbsp;<\/p>\n<p>&nbsp;<\/p>\n<h4><a href=\"https:\/\/borga.martha.fi\/start\/\"><strong>Em\u00e4salon Martat<\/strong><\/a><\/h4>\n<p>Emsal\u00f6 Marthaf\u00f6rening rf perustettiin vuonna 1916 mutta on nyttemmin liittynyt Borg\u00e5nejdens Marthor ry:hyn.<\/p>\n<p>&nbsp;<\/p>\n","protected":false},"excerpt":{"rendered":"<p>Em\u00e4salossa on aktiivista kyl\u00e4toimintaa. Seuratalo Midg\u00e5rd saaren keskell\u00e4 on tapahtumien ja yksityisten kokoontumisten keskeinen paikka. H\u00e4iden vietto Midg\u00e5rdissa on suosittua. Juhannussalon pystytt\u00e4minen vet\u00e4\u00e4 paljon katsojia jopa Em\u00e4salon ulkopuolelta. Toinen keskeinen paikka on Em\u00e4salon Kyl\u00e4puoti Bengstbyss\u00e4. Siell\u00e4 on vilkasta erityisesti kes\u00e4ll\u00e4, kun vapaa-ajan asukkaat saapuvat. Monet saarella ty\u00f6skentelev\u00e4t nauttivat kahvilan palveluista. Kes\u00e4ll\u00e4 pidettiin aikaisemmin kes\u00e4toria Bengtsbyn [&hellip;]<\/p>\n","protected":false},"author":6,"featured_media":0,"parent":0,"menu_order":0,"comment_status":"closed","ping_status":"closed","template":"","meta":{"footnotes":""},"class_list":["post-108","page","type-page","status-publish","hentry"],"_links":{"self":[{"href":"https:\/\/www.emsalo.fi\/fi\/wp-json\/wp\/v2\/pages\/108","targetHints":{"allow":["GET"]}}],"collection":[{"href":"https:\/\/www.emsalo.fi\/fi\/wp-json\/wp\/v2\/pages"}],"about":[{"href":"https:\/\/www.emsalo.fi\/fi\/wp-json\/wp\/v2\/types\/page"}],"author":[{"embeddable":true,"href":"https:\/\/www.emsalo.fi\/fi\/wp-json\/wp\/v2\/users\/6"}],"replies":[{"embeddable":true,"href":"https:\/\/www.emsalo.fi\/fi\/wp-json\/wp\/v2\/comments?post=108"}],"version-history":[{"count":11,"href":"https:\/\/www.emsalo.fi\/fi\/wp-json\/wp\/v2\/pages\/108\/revisions"}],"predecessor-version":[{"id":3121,"href":"https:\/\/www.emsalo.fi\/fi\/wp-json\/wp\/v2\/pages\/108\/revisions\/3121"}],"wp:attachment":[{"href":"https:\/\/www.emsalo.fi\/fi\/wp-json\/wp\/v2\/media?parent=108"}],"curies":[{"name":"wp","href":"https:\/\/api.w.org\/{rel}","templated":true}]}}