{"id":112,"date":"2014-09-29T15:08:26","date_gmt":"2014-09-29T12:08:26","guid":{"rendered":"http:\/\/www.itukylat.fi\/emasalo\/?page_id=112"},"modified":"2026-01-09T11:28:39","modified_gmt":"2026-01-09T09:28:39","slug":"palvelua-emasalossa","status":"publish","type":"page","link":"https:\/\/www.emsalo.fi\/fi\/palvelua-emasalossa\/","title":{"rendered":"Palvelut"},"content":{"rendered":"<ol>\n<li>Vuoden 2025 palvelukalenteri ja Em\u00e4salonlehti saatavilla Em\u00e4salon Kyl\u00e4puodista. S\u00e4hk\u00f6inen kalenteri: <a href=\"https:\/\/www.emsalo.fi\/wp-content\/uploads\/sites\/10\/2025\/05\/Emsalo-Servicekalender-2025-final_print.27.pdf\">Emsalo\u0308 Servicekalender 2025 final_print.27<\/a><\/li>\n<\/ol>\n<h2>Kauppa, kahvilat ja torit<\/h2>\n<p><a href=\"https:\/\/www.facebook.com\/Emsal%C3%B6-Byaboden-Em%C3%A4salon-Kyl%C3%A4puoti-1031192843616085\/\">Em\u00e4salon Kyl\u00e4puoti<\/a><\/p>\n<p><strong>Aukioloajat 2026<\/strong><\/p>\n<p>Maanantai \u00a0 klo. 9.30 &#8211; 17<br \/>\nTiistai\u00a0\u00a0\u00a0\u00a0\u00a0\u00a0\u00a0\u00a0\u00a0\u00a0\u00a0 klo. 9.30 &#8211; 17<br \/>\nKeskiviikko\u00a0\u00a0 klo. 9.30- 17<br \/>\nTorstai\u00a0\u00a0\u00a0\u00a0\u00a0\u00a0\u00a0\u00a0\u00a0 klo. 9.30 &#8211; 17<br \/>\nPerjantai \u00a0 \u00a0\u00a0 klo. 9.30 &#8211; 17<br \/>\nLauantai\u00a0\u00a0\u00a0\u00a0\u00a0\u00a0 klo. 10 \u2013 16<br \/>\nSunnuntai\u00a0 \u00a0 Suljettu<\/p>\n<p>Kahvila auki kaupan aukioloaikana. Kaupassa Alkon noutopiste ja apteekin palvelupiste.<\/p>\n<p>Yhteystiedot: Em\u00e4salontie 715, puh: 041 3269500, s-posti: byabodens@gmail.com<\/p>\n<p>Kotiinkuljetukset. Tilauksia otetaan vastaan s\u00e4hk\u00f6postitse tai puhelimitse.<\/p>\n<h3>Kahvilat<\/h3>\n<p><a href=\"https:\/\/www.facebook.com\/Emsal%C3%B6-Byaboden-Em%C3%A4salon-Kyl%C3%A4puoti-1031192843616085\/\">Kyl\u00e4puoti<\/a>, Bengtsby<br \/>\n<a href=\"https:\/\/www.facebook.com\/gulfemasalo\/\">Em\u00e4salon Meriasema<\/a>, Lossipaikka<br \/>\n<a href=\"https:\/\/www.facebook.com\/kahvilajemma\/\">Kahvila Jemma<\/a>, Kokouspoukama<\/p>\n<p><a href=\"https:\/\/www.facebook.com\/p\/Smile-Inn-Thaifood-Grillfood-100076130974919\/?locale=fi_FI\">Smile Inn Thaifood<\/a><br \/>\n<a href=\"https:\/\/floria.fi\/\">Floria<\/a><\/p>\n<h3>Kes\u00e4tori 2025<\/h3>\n<p><a href=\"https:\/\/www.emsalo.fi\/wp-content\/uploads\/sites\/10\/2025\/05\/Emsalo.Sommartorg.MainosA5.2025.KORJ_.kalenteri.png\"><img loading=\"lazy\" decoding=\"async\" class=\"alignnone size-medium wp-image-3605\" src=\"https:\/\/www.emsalo.fi\/wp-content\/uploads\/sites\/10\/2025\/05\/Emsalo.Sommartorg.MainosA5.2025.KORJ_.kalenteri-211x300.png\" alt=\"\" width=\"211\" height=\"300\" data-id=\"3605\" srcset=\"https:\/\/www.emsalo.fi\/wp-content\/uploads\/sites\/10\/2025\/05\/Emsalo.Sommartorg.MainosA5.2025.KORJ_.kalenteri-211x300.png 211w, https:\/\/www.emsalo.fi\/wp-content\/uploads\/sites\/10\/2025\/05\/Emsalo.Sommartorg.MainosA5.2025.KORJ_.kalenteri-722x1024.png 722w, https:\/\/www.emsalo.fi\/wp-content\/uploads\/sites\/10\/2025\/05\/Emsalo.Sommartorg.MainosA5.2025.KORJ_.kalenteri-768x1090.png 768w, https:\/\/www.emsalo.fi\/wp-content\/uploads\/sites\/10\/2025\/05\/Emsalo.Sommartorg.MainosA5.2025.KORJ_.kalenteri.png 874w\" sizes=\"auto, (max-width: 211px) 100vw, 211px\" \/><\/a><\/p>\n<p>Katso sivu: Ajankohtaista! Tori on Byvikenin rannassa <a href=\"https:\/\/kokouspoukama.fi\/\">Kokouspoukamassa<\/a> kahvila Jemman kupeessa. <a href=\"https:\/\/www.emsalo.fi\/fi\/events\/syysmarkkinat-2\/\">Syysmarkkinat<\/a> Midg\u00e5rdissa.<\/p>\n<p>Lis\u00e4tietoa: emsalo.sommartorg@gmail.com<\/p>\n<h2>Polttoaineen myynti<\/h2>\n<p>Em\u00e4salon Meriasema, Lossipaikka<br \/>\nPolttoaine, kioski, terassi, 040 4130 910<\/p>\n<h2>Koferenssipalvelu, hotelli, virkistys<\/h2>\n<p><a href=\"https:\/\/kokouspoukama.fi\/\">KOKOUSPOUKAMA<\/a>, Em\u00e4salontie 152. puh: 020 7330 000, info@kokouspoukama<\/p>\n<p>Em\u00e4salon videokuvaaja Alexanderzach.com\/up, puh. 045 1350 088<\/p>\n<p class=\"p1\"><span class=\"s1\"><a href=\"https:\/\/pinecrest.fi\/\">Pinecrest.fi<\/a><br \/>\n<\/span>Juhlatilaisuudet, yritystilaisuudet, kes\u00e4vieraat, merkkip\u00e4iv\u00e4t.<\/p>\n<h2>Kiinteist\u00f6huolto<\/h2>\n<h3>Kiinteist\u00f6- ja kaivuut\u00f6it\u00e4<\/h3>\n<p>ALL-WORKS, kaivuuty\u00f6t, soratoimitukset ym.<br \/>\nPaikallinen Em\u00e4salo-yritys, s-posti: toimisto@allworks.fi<br \/>\nJohan \u00d6hman 0400 711 843<br \/>\nJoel \u00d6hman 0400 935 494<br \/>\nFelix Sederquist 040 1544 178<br \/>\nMarkus Wil\u00e9n 0400 814 898<\/p>\n<p>Roger \u00d6hman 0400 495 658<\/p>\n<p><a href=\"https:\/\/skari-kalle.webnode.se\/\">Oy Sk\u00e4ri-Kalle Ab<\/a> , m\u00f6kkihuolto(pienet remontti ja maalausty\u00f6t) puh: 050 599 4209<\/p>\n<p>Mekana, remontti- ja puusep\u00e4nty\u00f6t, lumity\u00f6t<br \/>\nJakob H\u00f6kman 045 669 5580<\/p>\n<p>KMG-Service, kaivuuty\u00f6t<br \/>\nKristian Gustafsson 0400 935 937<\/p>\n<p>SEDERPRO, Fastighetssk\u00f6tsel, m\u00e5lningsarbeten, saneringar, g\u00e5rdskarlstj\u00e4nster. Felix Sederquist, tel. 040 1544 178<br \/>\nfelixsederquist@gmail.com<\/p>\n<p>Saneeraus Jani S\u00f6derlund, puunkaadot, my\u00f6s vaikeat pihapuut, tel. 040 5224 043<\/p>\n<p>Jan-Erik Kindstedt, Em\u00e4salontie 858 B, puh: 050 5434 645<\/p>\n<p>Olof Juslin Gr\u00e4varbeten, puh: 040 5003 452<\/p>\n<p>Christoffer Ericsson, tel. 040 7346 325<\/p>\n<p>Valter Nyholm, G\u00e5rdskarl- och byggjobb, tel. 045 8746 969<\/p>\n<h3>Vesi- ja j\u00e4tevesipalvelu<\/h3>\n<p>Karlsson LVI: 040 7790913<\/p>\n<p>T\u00f6\u00f6l\u00f6n L\u00e4mp\u00f6 Oy: 0400 703 941<\/p>\n<p><a href=\"https:\/\/www.porvoonviemariavaus.fi\/\">Porvoon viem\u00e4riavaus:<\/a> p\u00e4ivystys 24 h 040 9333650<\/p>\n<p>LVIS K A Stendal AB, puh: 040 8674 940<\/p>\n<p>Ab Elinstallation Per Juslin Oy<br \/>\nKiinteist\u00f6pumppaamojen huolto<br \/>\nMats Juslin, puh: 040 5010 289<br \/>\nGustav Fagerstedt, puh: 040 8224 426<\/p>\n<p>Lokakaivotyhjennykset, E-Ymp\u00e4rist\u00f6palvelut It\u00e4 Oy, puh: 019 643 408<\/p>\n<p>Lassila &amp; Tikanoja Oy, puh: 010 6365 155<\/p>\n<h3>S\u00e4hk\u00f6- ja tietokaapeliasennukset, valvontakameroita, IT-tuki<\/h3>\n<p>Ab Elinstallation Per Juslin Oy<br \/>\nMats Juslin, puh: 040 5010 289<br \/>\nGustav Fagerstedt, puh: 040 8224 426<\/p>\n<p>Fagerfix: elinstallationer och marin el: 040 0866722<\/p>\n<p><a href=\"https:\/\/www.coolerman.fi\/\">CoolerMan<\/a>\u00a0luftv\u00e4rmepumpar: 019 545 007<\/p>\n<p>IT-tuki, valvontakamerat, asennuksia<br \/>\nCaOnSo, Carry Lucander, 0400 800 887<\/p>\n<p>Valokuituliittym\u00e4t, kaapeliTV, internetpalvelut<br \/>\nLPOnet, 019 505 8400<br \/>\nasiakaspalvelu@lponet.fi<\/p>\n<h3>LVI-ty\u00f6t ja \u2013 palvelu<\/h3>\n<p>T\u00f6\u00f6l\u00f6n L\u00e4mp\u00f6 Oy<br \/>\nMatti Kallio, 0400 703 941<\/p>\n<p>N. Karlsson LVI Oy, 0407 790 913<\/p>\n<h3>Nuohouspalvelu<\/h3>\n<p>Porvoon Nuohouspalvelu Oy, puh: 0207 571 200<\/p>\n<p>Nuohousliike A. Kupari T:mi, puh: 044 3261 417<\/p>\n<h3>J\u00e4tepalvelu<\/h3>\n<p><a href=\"https:\/\/rosknroll.fi\/\">Rosk\u2019n Roll<\/a>\u00a0Lossipaikan Ekopiste<br \/>\npaperia, kartonkia, metallia, lasia, sekaj\u00e4te<\/p>\n<h2>Rakentaminen ja mets\u00e4t\u00f6it\u00e4<\/h2>\n<h3>Rakentaminen<\/h3>\n<p>JU-Service (my\u00f6s saaristossa omalla veneell\u00e4) 040 1971818<\/p>\n<p>ALL-WORKS, paikallinen Em\u00e4salo-yritys, s-posti: toimisto@allworks.fi<br \/>\nJohan \u00d6hman 0400 711 843<br \/>\nJoel \u00d6hman 0400 935 494<br \/>\nFelix Sederquist 040 1544 178<br \/>\nMarkus Wil\u00e9n 0400 814 898<\/p>\n<p>KMG-Service<br \/>\nKristian Gustafsson 0400 935 937<\/p>\n<p>Mekana, Jakob H\u00f6kman 045 669 5580<\/p>\n<p>Jan-Erik Kindstedt 050 5434 645<\/p>\n<p>Noni Eklund 040 5266 823<\/p>\n<p>Uffe Eklund 040 7344 443<\/p>\n<p>Jari Teerinen 040 7529 229<\/p>\n<p>Tommy Suuronen 040 7422 499<\/p>\n<h3>Mets\u00e4- ja tiet\u00f6it\u00e4, auraus, polttopuiden klapitus ym.<\/h3>\n<p><strong>Auraus<\/strong> :<\/p>\n<p>Johan \u00d6hman: 0400 711843<br \/>\nJoel \u00d6hman: 0400 935 494<\/p>\n<p>Kristian Gustafsson: 040 093 5937<\/p>\n<p>Olof Juslin 040 5003 452<\/p>\n<p>Jan-Erik Kindstedt 050 5434 645<\/p>\n<p>Mekana, Jakob H\u00f6kman 045 669 5580<\/p>\n<h3>Saha ja puutavaran myynti<\/h3>\n<p>Roger \u00d6hman 0400 495 658<\/p>\n<h3>Venetelakat ja \u2013rakentaminen<\/h3>\n<p><a href=\"http:\/\/www.ebu.fi\/fi\/etusivu.html\">Emsal\u00f6 B\u00e5tupplag<\/a>, Varvsstr\u00e5ket 77<br \/>\npuh: 0207 559 340, s-posti: info(at)ebu.fi<\/p>\n<p>Sune Andersson, Timmerviksv\u00e4gen, puh: 0400 279 116<\/p>\n<h2>Taide ja kulttuuri<\/h2>\n<p>V\u00e4vstugan Annette H\u00e4gg, puh: 040 5128 951<\/p>\n<p>Pellen S\u00e4hk\u00f6museo, L\u00e5ngvarpsv\u00e4gen 29, 040 5010 289 Mats, auki sopimuksesta<\/p>\n<h2>Kunnalliset palvelut<\/h2>\n<p><a href=\"https:\/\/www.porvoo.fi\/kulttuuri-ja-vapaa-aika\/kirjasto\/\">Kirjasto<\/a><br \/>\nPorvoon p\u00e4\u00e4kirjasto, Papinkatu 20, puh: o19 5202 418<\/p>\n<p><a href=\"https:\/\/www.porvoo.fi\/kulttuuri-ja-vapaa-aika\/kirjasto\/kirjastojen-aukioloajat-ja-yhteystiedot\/\">Kirjastoauto<\/a><\/p>\n<p><a href=\"https:\/\/www.matkahuolto.fi\/\">Linja-auto aikataulut<\/a><\/p>\n<p><a href=\"https:\/\/www.porvoo.fi\/terveys-hyvinvointi\/terveyskeskus-paasivu\/\">Terveys- ja sairaalahoito<\/a><br \/>\nN\u00e4sin Terveyskeskus, Askolinintie 1, 019 5204 351<\/p>\n<p>Porvoon Sairaala, Sairaalantie 1, 019 5282 551, p\u00e4ivystysapu 116 117<\/p>\n<h3>Apteekit, el\u00e4inl\u00e4\u00e4k\u00e4ri<\/h3>\n<p>Em\u00e4salon kyl\u00e4puoti<\/p>\n<p>Gammelbacka sivuapteekki, Gammelbackan ostokeskus, 019 5753 990<\/p>\n<p>N\u00e4sin apteekki, S-Market, N\u00e4si, 019 5605 200<\/p>\n<p>Vanha apteekki, N\u00e4sin koulukatu 2, 019 6894 400<\/p>\n<p>Uusi apteekki, Piispankatu 30, 019 6897 700<\/p>\n<p><a href=\"https:\/\/porvoonymparistoterveydenhuolto.fi\/elainlaakaripalvelut-3\/\">El\u00e4inl\u00e4\u00e4k\u00e4ripalvelut<\/a><br \/>\nTekniikankaari 1 (Kuninkaanportti), klo. 8 \u2013 9 arkisin 019-5204 247, klo. 9 \u2013 16 arkisin 0400 912 640<\/p>\n<p>P\u00e4ivystys Vantaalla, 0600-189 98<\/p>\n<p><a href=\"https:\/\/www.hus.fi\/potilaalle\/sairaalat-ja-toimipisteet\/myrkytystietokeskus\">Myrkytystietokeskus<\/a>, suora: 09 471 977, vaihde: 09 4711<\/p>\n","protected":false},"excerpt":{"rendered":"<p>Vuoden 2025 palvelukalenteri ja Em\u00e4salonlehti saatavilla Em\u00e4salon Kyl\u00e4puodista. S\u00e4hk\u00f6inen kalenteri: Emsalo\u0308 Servicekalender 2025 final_print.27 Kauppa, kahvilat ja torit Em\u00e4salon Kyl\u00e4puoti Aukioloajat 2026 Maanantai \u00a0 klo. 9.30 &#8211; 17 Tiistai\u00a0\u00a0\u00a0\u00a0\u00a0\u00a0\u00a0\u00a0\u00a0\u00a0\u00a0 klo. 9.30 &#8211; 17 Keskiviikko\u00a0\u00a0 klo. 9.30- 17 Torstai\u00a0\u00a0\u00a0\u00a0\u00a0\u00a0\u00a0\u00a0\u00a0 klo. 9.30 &#8211; 17 Perjantai \u00a0 \u00a0\u00a0 klo. 9.30 &#8211; 17 Lauantai\u00a0\u00a0\u00a0\u00a0\u00a0\u00a0 klo. 10 \u2013 16 Sunnuntai\u00a0 [&hellip;]<\/p>\n","protected":false},"author":6,"featured_media":0,"parent":0,"menu_order":0,"comment_status":"closed","ping_status":"closed","template":"","meta":{"footnotes":""},"class_list":["post-112","page","type-page","status-publish","hentry"],"_links":{"self":[{"href":"https:\/\/www.emsalo.fi\/fi\/wp-json\/wp\/v2\/pages\/112","targetHints":{"allow":["GET"]}}],"collection":[{"href":"https:\/\/www.emsalo.fi\/fi\/wp-json\/wp\/v2\/pages"}],"about":[{"href":"https:\/\/www.emsalo.fi\/fi\/wp-json\/wp\/v2\/types\/page"}],"author":[{"embeddable":true,"href":"https:\/\/www.emsalo.fi\/fi\/wp-json\/wp\/v2\/users\/6"}],"replies":[{"embeddable":true,"href":"https:\/\/www.emsalo.fi\/fi\/wp-json\/wp\/v2\/comments?post=112"}],"version-history":[{"count":32,"href":"https:\/\/www.emsalo.fi\/fi\/wp-json\/wp\/v2\/pages\/112\/revisions"}],"predecessor-version":[{"id":3887,"href":"https:\/\/www.emsalo.fi\/fi\/wp-json\/wp\/v2\/pages\/112\/revisions\/3887"}],"wp:attachment":[{"href":"https:\/\/www.emsalo.fi\/fi\/wp-json\/wp\/v2\/media?parent=112"}],"curies":[{"name":"wp","href":"https:\/\/api.w.org\/{rel}","templated":true}]}}