{"id":198,"date":"2014-09-30T15:45:29","date_gmt":"2014-09-30T12:45:29","guid":{"rendered":"http:\/\/www.itukylat.fi\/emasalo\/?page_id=198"},"modified":"2025-05-27T20:45:12","modified_gmt":"2025-05-27T17:45:12","slug":"emasalolehti","status":"publish","type":"page","link":"https:\/\/www.emsalo.fi\/fi\/emasalolehti\/","title":{"rendered":"Em\u00e4salolehti"},"content":{"rendered":"<p>Em\u00e4salon Kyl\u00e4yhdistys ry on julkaissut Em\u00e4salolehte\u00e4 jo usean vuoden ajan. Sit\u00e4 jaetaan postilaatikoihin tavallisesti kes\u00e4kuun alussa. Vuonna 2012 kes\u00e4numeroa ei jaettu. Sen sijaan julkaistiin ylim\u00e4\u00e4r\u00e4inen talvinumero tammikuussa 2011. Lehden taitto on uusittu ja siin\u00e4 on entist\u00e4 enemm\u00e4n sivuja vuodesta 2014 lukien. 2015 alkaen lehti ilmestyy v\u00e4ripainettuna.<\/p>\n<p>Vuoden 2017 Em\u00e4salolehden teema oli satavuotinen itsen\u00e4isyyden aika. 2018 k\u00e4siteltiin sis\u00e4llissodan tapahtumia Em\u00e4salossa. Vuoden 2019 Em\u00e4salolehden teemana oli l\u00e4hihistoriaa ja artikkeli veneenrakentaja Henri Orrmanista. Em\u00e4salolehti 2022 sis\u00e4lsi mm. taiteilija Stig Janssonin haastattelun. H\u00e4n oli tehnyt naivistisen maalauksen Ukraina-sodasta. Lis\u00e4ksi Bertel Rosenstr\u00f6min juttu Em\u00e4salon vanhoista tiennimist\u00e4. Em\u00e4salolehti 2023 sis\u00e4lt\u00e4\u00e4 artikkelin Nesteen vanhasta vapaa-ajanalueesta, jonka nimi on nyt taas Pirskeri. Muina aiheina rakentamisen s\u00e4\u00e4nn\u00f6t Em\u00e4salossa, Saariston Vesihuoltolaitoksen palvelu saarella ja juttu siit\u00e4 miten Aina Topelius Em\u00e4saloon tuli ja miten h\u00e4n t\u00e4\u00e4ll\u00e4 vaikutti.<\/p>\n<p>Em\u00e4salolehti 2025 sis\u00e4lt\u00e4\u00e4 tietoja analyysist\u00e4 koskien Em\u00e4salon asuttavuutta, mik\u00e4 tehtiin 2023 &#8211; 2024. Artikkeli l\u00f6ytyy Meriniemen patriarkasta, Zacharias Sundstr\u00f6m, joka on julkaissut muistelmiaan kirjassa &#8221;Suomen kallein asianajaja&#8221;.\u00a0 Lis\u00e4ksi on historiikki Knutsin tilasta, joka on Em\u00e4salon vanhimpia.<\/p>\n<p><a href=\"https:\/\/www.emsalo.fi\/wp-content\/uploads\/sites\/10\/2025\/05\/Emsalobladet_2025_FI_15042025.pdf\">EM\u00c4SALOLEHTI 2025<\/a><\/p>\n<p><a href=\"https:\/\/www.emsalo.fi\/wp-content\/uploads\/sites\/10\/2024\/09\/Emasalonlehti_2024_fi_final.pdf\">EM\u00c4SALOLEHTI 2024<\/a><\/p>\n<p><a href=\"https:\/\/www.emsalo.fi\/wp-content\/uploads\/sites\/10\/2023\/06\/Emsalobladet_2023_FI_FINAL.pdf\" target=\"_blank\" rel=\"noopener\">EM\u00c4SALOLEHTI 2023<\/a><\/p>\n<p><a href=\"https:\/\/www.emsalo.fi\/wp-content\/uploads\/sites\/10\/2022\/09\/EMSALOBLADET2022_fi.pdf\" target=\"_blank\" rel=\"noopener\">EM\u00c4SALOLEHTI 2022<\/a><\/p>\n<p><a href=\"https:\/\/www.emsalo.fi\/wp-content\/uploads\/sites\/10\/2021\/09\/Emsalo\u0308bladetFI2021_v2.pdf\" target=\"_blank\" rel=\"noopener\">EM\u00c4SALOLEHTI 2021<\/a><\/p>\n<p><a href=\"https:\/\/www.emsalo.fi\/wp-content\/uploads\/sites\/10\/2020\/07\/Emsalo\u0308bladetFI2020_FINAL.pdf\" target=\"_blank\" rel=\"noopener noreferrer\">EM\u00c4SALOLEHTI 2020<\/a><\/p>\n<p><a href=\"https:\/\/www.emsalo.fi\/wp-content\/uploads\/sites\/10\/2019\/07\/EmsalobladetFI2019-3.pdf\" target=\"_blank\" rel=\"noopener noreferrer\">EM\u00c4SALOLEHTI 2019<\/a><\/p>\n<p><a href=\"https:\/\/www.emsalo.fi\/wp-content\/uploads\/sites\/10\/2019\/07\/Emsalo\u0308bladetFI2018_2.pdf\" target=\"_blank\" rel=\"noopener noreferrer\">EM\u00c4SALOLEHTI 2018<\/a><\/p>\n<p><a href=\"https:\/\/www.emsalo.fi\/wp-content\/uploads\/sites\/10\/2019\/07\/Emsal\u00f6bladet2017FI_3.pdf\" target=\"_blank\" rel=\"noopener noreferrer\">EM\u00c4SALOLEHTI 2017<\/a><\/p>\n<p><a href=\"https:\/\/www.emsalo.fi\/wp-content\/uploads\/sites\/10\/2016\/06\/Emsalo\u0308bladet_2016_FIversion5.pdf\" target=\"_blank\" rel=\"noopener noreferrer\">EM\u00c4SALOLEHTI 2016<\/a><\/p>\n<p><a href=\"https:\/\/www.emsalo.fi\/wp-content\/uploads\/sites\/10\/2015\/07\/Emsalo--bladet_2015_fi.pdf\" target=\"_blank\" rel=\"noopener noreferrer\">EM\u00c4SALOLEHTI 2015<\/a><\/p>\n<p><a href=\"https:\/\/www.emsalo.fi\/wp-content\/uploads\/sites\/10\/2015\/01\/EMSALOeBLADET-2014-fi.pdf\" target=\"_blank\" rel=\"noopener noreferrer\">EM\u00c4SALOLEHTI 2014<\/a><\/p>\n<p><a href=\"https:\/\/www.emsalo.fi\/wp-content\/uploads\/sites\/10\/2015\/01\/EMSALOeBLADET-2013-fin.pdf\" target=\"_blank\" rel=\"noopener noreferrer\">EM\u00c4SALOLEHTI 2013<\/a><\/p>\n<p><a href=\"https:\/\/www.emsalo.fi\/wp-content\/uploads\/sites\/10\/2015\/01\/EMSALOeBLADET-joulukuu-2011_fin.pdf\" target=\"_blank\" rel=\"noopener noreferrer\">EM\u00c4SALOLEHTI joulukuu 2011<\/a><\/p>\n<p><a href=\"https:\/\/www.emsalo.fi\/wp-content\/uploads\/sites\/10\/2015\/01\/EMSALOeBLADET-2011_fin.pdf\" target=\"_blank\" rel=\"noopener noreferrer\">EM\u00c4SALOLEHTI 2011<\/a><\/p>\n<p>&nbsp;<\/p>\n<p>&nbsp;<\/p>\n<p>&nbsp;<\/p>\n","protected":false},"excerpt":{"rendered":"<p>Em\u00e4salon Kyl\u00e4yhdistys ry on julkaissut Em\u00e4salolehte\u00e4 jo usean vuoden ajan. Sit\u00e4 jaetaan postilaatikoihin tavallisesti kes\u00e4kuun alussa. Vuonna 2012 kes\u00e4numeroa ei jaettu. Sen sijaan julkaistiin ylim\u00e4\u00e4r\u00e4inen talvinumero tammikuussa 2011. Lehden taitto on uusittu ja siin\u00e4 on entist\u00e4 enemm\u00e4n sivuja vuodesta 2014 lukien. 2015 alkaen lehti ilmestyy v\u00e4ripainettuna. Vuoden 2017 Em\u00e4salolehden teema oli satavuotinen itsen\u00e4isyyden aika. 2018 [&hellip;]<\/p>\n","protected":false},"author":6,"featured_media":0,"parent":0,"menu_order":0,"comment_status":"closed","ping_status":"closed","template":"","meta":{"footnotes":""},"class_list":["post-198","page","type-page","status-publish","hentry"],"_links":{"self":[{"href":"https:\/\/www.emsalo.fi\/fi\/wp-json\/wp\/v2\/pages\/198","targetHints":{"allow":["GET"]}}],"collection":[{"href":"https:\/\/www.emsalo.fi\/fi\/wp-json\/wp\/v2\/pages"}],"about":[{"href":"https:\/\/www.emsalo.fi\/fi\/wp-json\/wp\/v2\/types\/page"}],"author":[{"embeddable":true,"href":"https:\/\/www.emsalo.fi\/fi\/wp-json\/wp\/v2\/users\/6"}],"replies":[{"embeddable":true,"href":"https:\/\/www.emsalo.fi\/fi\/wp-json\/wp\/v2\/comments?post=198"}],"version-history":[{"count":10,"href":"https:\/\/www.emsalo.fi\/fi\/wp-json\/wp\/v2\/pages\/198\/revisions"}],"predecessor-version":[{"id":3598,"href":"https:\/\/www.emsalo.fi\/fi\/wp-json\/wp\/v2\/pages\/198\/revisions\/3598"}],"wp:attachment":[{"href":"https:\/\/www.emsalo.fi\/fi\/wp-json\/wp\/v2\/media?parent=198"}],"curies":[{"name":"wp","href":"https:\/\/api.w.org\/{rel}","templated":true}]}}